{"id":3,"date":"2023-05-02T15:23:08","date_gmt":"2023-05-02T13:23:08","guid":{"rendered":"http:\/\/shop.was-essen-bei-krebs.de\/?page_id=3"},"modified":"2025-04-15T16:50:35","modified_gmt":"2025-04-15T14:50:35","slug":"datenschutzerklaerung","status":"publish","type":"page","link":"https:\/\/shop.was-essen-bei-krebs.de\/?page_id=3","title":{"rendered":"Datenschutzerkl\u00e4rung"},"content":{"rendered":"\n<p>Nachstehend informieren wir Sie \u00fcber Art, Umfang und Zweck der Verarbeitung Ihrer personenbezogenen Daten bei der Nutzung unserer Seite unter der Adresse \u201eshop.was-essen-bei-krebs.de\u201c. Personenbezogene Daten sind alle Informationen, die sich auf eine identifizierte oder identifizierbare nat\u00fcrliche Person beziehen.<\/p>\n\n\n\n<h3 class=\"wp-block-heading\">1. Verantwortlicher<\/h3>\n\n\n\n<p>Verantwortlicher im Sinne der EU-Datenschutzgrundverordnung (DSGVO) ist diejenige nat\u00fcrliche oder juristische Person, die allein oder gemeinsam mit anderen \u00fcber die Zwecke und Mittel der Verarbeitung von personenbezogenen Daten entscheidet. F\u00fcr die in diesem Shop verarbeiteten personenbezogenen Daten ist Verantwortlicher im Sinne der DSGVO: Eat What You Need e.V., Goethestra\u00dfe 28\/1, 72076 T\u00fcbingen, Telefon 07071-8552590, E-Mail sandra.neubauer@was-essen-bei-krebs.de (im Folgenden \u201ewir\u201c).<\/p>\n\n\n\n<h3 class=\"wp-block-heading\">2. Wenn Sie unsere Webseite besuchen<\/h3>\n\n\n\n<p>Wenn Sie unsere Webseite besuchen, erhebt unser Server die folgenden Informationen von Ihrem Endger\u00e4t: Browser-Typ und -Version, Betriebssystem, die zuvor besuchte Webseite (\u201eReferrer\u201c), IP-Adresse und Zeitpunkt des Seitenaufrufs.<\/p>\n\n\n\n<p>Wir erheben und verarbeiten diese Daten, um den st\u00f6rungsfreien Betrieb unserer Webseite sicherzustellen und einen Missbrauch unserer Leistungen erkennen, abwehren und verfolgen zu k\u00f6nnen. Ferner nutzen wir die erhobenen Daten zu statistischen Zwecken, um etwa auszuwerten, mit welchen Endger\u00e4ten und Browsern unser Shop aufgerufen wird, um auf dieser Basis unser Angebot laufend an die Bed\u00fcrfnisse der Nutzer anzupassen und zu verbessern. Diese Datenverarbeitung erfolgt auf Grundlage von Artikel 6 Absatz 1 Buchstabe f DSGVO.<\/p>\n\n\n\n<p>Alle oben genannten personenbezogenen Daten l\u00f6schen wir sp\u00e4testens zw\u00f6lf Monate nach ihrer Erhebung.<\/p>\n\n\n\n<h3 class=\"wp-block-heading\">3. Wenn Sie einen Vertrag mit uns schlie\u00dfen<\/h3>\n\n\n\n<p>Wenn Sie bei uns bestellen bzw. buchen, verarbeiten wir Ihren Namen, Ihre Anschrift (soweit von Ihnen angegeben) und Ihre E-Mail-Adresse. Soweit Sie bei Ihrer Bestellung freiwillig weitere Daten angeben (z.B. eine abweichende Rechnungsadresse oder eine Telefonnummer), verarbeiten wir auch diese Daten.<\/p>\n\n\n\n<p>Wir verarbeiten diese Daten elektronisch zur ordnungsgem\u00e4\u00dfen Vertragserf\u00fcllung, insbesondere f\u00fcr die Lieferung, die Rechnungsstellung, die Verbuchung von Zahlungen und die Bearbeitung von Reklamationen. Sofern wir verpflichtet sind, Ihnen f\u00fcr ein digitales Produkt oder f\u00fcr eine Ware mit digitalen Elementen Aktualisierungen bereitzustellen, verarbeiten wir Ihre Kontaktdaten auch hierf\u00fcr. Diese Datenverarbeitung erfolgt auf Grundlage von Artikel 6 Absatz 1 Buchstabe b DSGVO.<\/p>\n\n\n\n<p>Wir halten diese Daten gespeichert, bis alle gegenseitigen Anspr\u00fcche aus dem jeweiligen Vertragsverh\u00e4ltnis mit Ihnen vollst\u00e4ndig erledigt und die handels- und steuerrechtlichen Aufbewahrungsfristen abgelaufen sind, denen wir unterliegen.<\/p>\n\n\n\n<p>F\u00fcr einen Vertragsschluss zwischen Ihnen und uns ist es erforderlich, dass wir Ihren Namen und Ihre E-Mail-Adresse erhalten. Die Erforderlichkeit der Bereitstellung dieser Daten ergibt sich aus gesetzlichen Vorschriften (etwa \u00a7 312i Abs. 1 Ziffer 3 BGB, \u00a7 14 Abs. 4 UStG). Ohne Bereitstellung dieser Daten k\u00f6nnen Sie mit uns daher keinen Vertrag schlie\u00dfen.<\/p>\n\n\n\n<p>Bei der Entscheidung \u00fcber einen Vertragsschluss verzichten wir auf automatisierte Entscheidungsfindungen und auf Profiling.<\/p>\n\n\n\n<h3 class=\"wp-block-heading\">4. Bezahlung<\/h3>\n\n\n\n<p>F\u00fcr die Bezahlung erhebt und verarbeitet der von Ihnen gew\u00e4hlte Zahlungsdienstleister Ihren Namen, Ihre E-Mail-Adresse, Ihre Karten- oder Kontonummer und\/oder weitere Daten, soweit f\u00fcr die von Ihnen gew\u00e4hlte Zahlungsmethode jeweils erforderlich. Es gelten insoweit erg\u00e4nzend die Vertrags- und Datenschutzbestimmungen des von Ihnen gew\u00e4hlten Zahlungsdienstleisters.<\/p>\n\n\n\n<p>Beim Empfang einer Zahlung verarbeiten wir diejenigen Daten, die uns der Zahlungsdienstleister \u00fcbermittelt.<\/p>\n\n\n\n<p>Wenn wir eine \u00dcberweisung auf unser Konto erhalten, verarbeiten wir insbesondere den Namen des \u00fcberweisenden Kontoinhabers, die Kontonummer (IBAN und BIC) und den mit\u00fcbermittelten Verwendungszweck.<\/p>\n\n\n\n<p>Die Verarbeitung erfolgt auf Grundlage von Artikel 6 Absatz 1 Buchstabe b DSGVO. Wir halten diese Daten gespeichert, bis alle gegenseitigen Anspr\u00fcche aus dem jeweiligen Vertragsverh\u00e4ltnis mit Ihnen vollst\u00e4ndig erledigt und die handels- und steuerrechtlichen Aufbewahrungsfristen abgelaufen sind, denen wir unterliegen.<\/p>\n\n\n\n<h3 class=\"wp-block-heading\">5. Auftragsverarbeiter<\/h3>\n\n\n\n<p>Zur Unterst\u00fctzung unserer betrieblichen Abl\u00e4ufe nutzen wir die Dienste von DATEV eG (90429 N\u00fcrnberg) als Auftragsverarbeiter im Einklang mit Artikel 28 DSGVO.<\/p>\n\n\n\n<p>F\u00fcr den Betrieb unserer Webseite im Internet nehmen wir die technischen Leistungen von DomainFactory (domainfactory GmbH, 85737 Ismaning) als Auftragsverarbeiter gem\u00e4\u00df Artikel 28 DSGVO in Anspruch.<\/p>\n\n\n\n<h3 class=\"wp-block-heading\">6. Kontaktaufnahme<\/h3>\n\n\n\n<p>Wenn Sie uns eine Nachricht per E-Mail schicken, speichern wir Ihre Nachricht mit den damit \u00fcbermittelten Absenderdaten (Name, E-Mail-Adresse und ggf. weitere von Ihrem E-Mail-Programm und den \u00fcbermittelnden Servern hinzugef\u00fcgte Informationen). F\u00fcr den Empfang, die Speicherung und den Versand von E-Mails nutzen wir Leistungen von DomainFactory (domainfactory GmbH, 85737 Ismaning) als Auftragsverarbeiter gem\u00e4\u00df Artikel 28 DSGVO.<\/p>\n\n\n\n<p>Rechtsgrundlage f\u00fcr diese Datenverarbeitung ist unser berechtigtes Interesse, Ihre Nachricht zu beantworten und auch auf eventuelle Folgefragen von Ihnen reagieren zu k\u00f6nnen (Artikel 6 Absatz 1 Buchstabe f DSGVO). Wir l\u00f6schen die mit Ihrer Nachricht erhobenen Daten sp\u00e4testens zw\u00f6lf Monate nach der letzten mit Ihnen gef\u00fchrten Kommunikation zu Ihrem Anliegen, vorbehaltlich der Reglung im folgenden Absatz.<\/p>\n\n\n\n<p>Wenn Sie uns eine rechtlich relevante Erkl\u00e4rung zum Vertragsverh\u00e4ltnis \u00fcbermitteln (z.B. einen Widerruf oder eine Reklamation), ist Rechtsgrundlage f\u00fcr die Verarbeitung, unabh\u00e4ngig vom \u00dcbermittlungsweg, auch Artikel 6 Absatz 1 Buchstabe b DSGVO. In einem solchen Fall l\u00f6schen wir die mit Ihrer Erkl\u00e4rung zusammenh\u00e4ngenden Daten, sobald alle wechselseitigen Anspr\u00fcche aus dem Vertragsverh\u00e4ltnis endg\u00fcltig erledigt und die handels- und steuerrechtlichen Aufbewahrungsfristen abgelaufen sind.<\/p>\n\n\n\n<h3 class=\"wp-block-heading\">7. Nutzung von Cookies<\/h3>\n\n\n\n<p>Soweit Sie in die Verwendung von Cookies eingewilligt haben, legen wir ein oder mehrere \u201eCookies\u201c auf Ihrem Endger\u00e4t ab. Bei einem Cookie handelt es sich um eine kleine Textdatei, mit der wir Ihr Endger\u00e4t wiedererkennen k\u00f6nnen, wenn Sie unsere Webseite zu sp\u00e4terer Gelegenheit wieder besuchen. Mit Hilfe von Cookies k\u00f6nnen wir bestimmte Nutzerverhalten analysieren, z.B., welche Seitenbereiche Sie sich anschauen, wie lange Sie auf unserer Webseite bleiben und wann und wie oft Sie auf unsere Webseite zur\u00fcckkehren. Ferner k\u00f6nnen wir mit Cookies Ihre Einwilligung in die Cookie-Verwendung und ggf. weitere Marketing- oder Analysemethoden speichern. Von uns abgelegte Cookies werden sp\u00e4testens zw\u00f6lf Monate nach Ihrem letzten Besuch unserer Webseite gel\u00f6scht.<\/p>\n\n\n\n<p>Diese Datenverarbeitung erfolgt auf Grundlage Ihrer Einwilligung (Artikel 6 Absatz 1 Buchstabe a DSGVO).<\/p>\n\n\n\n<p>Sie k\u00f6nnen das Ablegen von Cookies verhindern, indem Sie in die Cookie-Einstellungen Ihres Internetbrowsers gehen und dort f\u00fcr unsere Seite oder f\u00fcr alle Webseiten dem Ablegen von Cookies widersprechen. Dort k\u00f6nnen Sie auch bereits abgelegte Cookies wieder l\u00f6schen.<\/p>\n\n\n\n<h3 class=\"wp-block-heading\">8. Ihre Rechte<\/h3>\n\n\n\n<p>Bez\u00fcglich der personenbezogenen Daten, die wir \u00fcber Sie verarbeiten, stehen Ihnen die folgenden Rechte zu:<\/p>\n\n\n\n<p>Sie haben das Recht, von uns eine Best\u00e4tigung dar\u00fcber zu verlangen, ob wir Sie betreffende personenbezogene Daten verarbeiten. Ist dies der Fall, so teilen wir Ihnen die \u00fcber Sie gespeicherten personenbezogenen Daten und die weiteren Informationen gem\u00e4\u00df Artikel 15 Abs. 1 u. 2 DSGVO mit.<\/p>\n\n\n\n<p>Sie haben das Recht, Sie betreffende unrichtige personenbezogene Daten unverz\u00fcglich berichtigen zu lassen. Unter Ber\u00fccksichtigung der Zwecke der Verarbeitung haben Sie auch das Recht, die Vervollst\u00e4ndigung unvollst\u00e4ndiger personenbezogener Daten \u2013 auch mittels einer erg\u00e4nzenden Erkl\u00e4rung \u2013 zu verlangen.<\/p>\n\n\n\n<p>Sie k\u00f6nnen von uns die unverz\u00fcgliche L\u00f6schung der Sie betreffenden personenbezogenen Daten unter den Voraussetzungen von Artikel 17 Absatz 1 DSGVO verlangen, soweit deren Verarbeitung nicht gem\u00e4\u00df Artikel 17 Absatz 3 DSGVO erforderlich ist.<\/p>\n\n\n\n<p>Sie k\u00f6nnen von uns die Einschr\u00e4nkung der Verarbeitung Ihrer Daten verlangen, wenn eine der Voraussetzungen von Artikel 18 Absatz 1 DSGVO vorliegt. Sie k\u00f6nnen die Einschr\u00e4nkung insbesondere anstelle einer L\u00f6schung verlangen.<\/p>\n\n\n\n<p>Wir werden jede Berichtigung oder L\u00f6schung Ihrer personenbezogenen Daten und eine Einschr\u00e4nkung der Verarbeitung allen Empf\u00e4ngern mitteilen, denen wir Sie betreffende personenbezogene Daten offengelegt haben, es sei denn, dies erweist sich als unm\u00f6glich oder ist mit einem unverh\u00e4ltnism\u00e4\u00dfigen Aufwand verbunden. Wir werden Sie zudem \u00fcber diese Empf\u00e4nger unterrichten, wenn Sie dies verlangen.<\/p>\n\n\n\n<p>Sie haben das Recht, die personenbezogenen Daten, die Sie uns bereitgestellt haben, in einem strukturierten, g\u00e4ngigen und maschinenlesbaren Format zu erhalten, und k\u00f6nnen verlangen, dass wir diese Daten einem anderen Verantwortlichen ohne Behinderung \u00fcbermitteln, soweit dies technisch m\u00f6glich ist.<\/p>\n\n\n\n<p>Soweit eine Datenverarbeitung auf Ihrer Einwilligung beruht, haben Sie das Recht, Ihre Einwilligung jederzeit zu widerrufen. Durch den Widerruf der Einwilligung wird die Rechtm\u00e4\u00dfigkeit der Datenverarbeitung, die bis zu Ihrem Widerruf erfolgt ist, nicht ber\u00fchrt.<\/p>\n\n\n\n<p>WIDERSPRUCHSRECHT: AUS GR\u00dcNDEN, DIE SICH AUS IHRER BESONDEREN SITUATION ERGEBEN, K\u00d6NNEN SIE JEDERZEIT DER VERARBEITUNG DER SIE BETREFFENDEN PERSONENBEZOGENEN DATEN WIDERSPRECHEN; dieses Widerspruchsrecht besteht in Bezug auf diejenige Datenverarbeitung, die auf Grundlage von Artikel 6 Absatz 1 Buchstabe f DSGVO zur Wahrung berechtigter Interessen unsererseits oder eines Dritten erfolgt, sofern nicht Ihre Interessen oder Grundrechte und Grundfreiheiten, die den Schutz personenbezogener Daten erfordern, \u00fcberwiegen. Wenn Sie Ihr Widerspruchsrecht aus\u00fcben, werden wir die betreffenden Daten nicht mehr verarbeiten, es sei denn, dass wir zwingende schutzw\u00fcrdige Gr\u00fcnde f\u00fcr die Verarbeitung nachweisen k\u00f6nnen, die die Interessen, Rechte und Freiheiten von Ihnen \u00fcberwiegen, oder dass die Verarbeitung der Geltendmachung, Aus\u00fcbung oder Verteidigung von Rechtsanspr\u00fcchen dient.<\/p>\n\n\n\n<p>F\u00dcR DEN FALL, DASS WIR PERSONENBEZOGENE DATEN F\u00dcR DIE DIREKTWERBUNG (Z.B. NEWSLETTER) VERARBEITEN, K\u00d6NNEN SIE JEDERZEIT WIDERSPRUCH GEGEN DIE VERARBEITUNG DER SIE BETREFFENDEN PERSONENBEZOGENEN DATEN ZUM ZWECKE DERARTIGER WERBUNG EINLEGEN MIT DER FOLGE, DASS WIR IHRE DATEN F\u00dcR DIESE ZWECKE NICHT MEHR VERARBEITEN WERDEN.<\/p>\n\n\n\n<p>Wenn Sie der Ansicht sind, dass die Verarbeitung Ihrer personenbezogenen Daten gegen die DSGVO verst\u00f6\u00dft, k\u00f6nnen Sie Beschwerde einlegen bei einer Aufsichtsbeh\u00f6rde, insbesondere in dem Mitgliedstaat Ihres Aufenthaltsorts, Ihres Arbeitsplatzes oder des Orts des mutma\u00dflichen Versto\u00dfes. Das schlie\u00dft anderweitige beh\u00f6rdliche oder gerichtliche Rechtsbehelfe nicht aus.<\/p>\n","protected":false},"excerpt":{"rendered":"<p>Nachstehend informieren wir Sie \u00fcber Art, Umfang und Zweck der Verarbeitung Ihrer personenbezogenen Daten bei der Nutzung unserer Seite unter der Adresse \u201eshop.was-essen-bei-krebs.de\u201c. Personenbezogene Daten sind alle Informationen, die sich auf eine identifizierte oder identifizierbare nat\u00fcrliche Person beziehen. 1. Verantwortlicher Verantwortlicher im Sinne der EU-Datenschutzgrundverordnung (DSGVO) ist diejenige nat\u00fcrliche oder juristische Person, die allein oder [&hellip;]<\/p>\n","protected":false},"author":1,"featured_media":0,"parent":0,"menu_order":0,"comment_status":"closed","ping_status":"open","template":"","meta":{"footnotes":""},"class_list":["post-3","page","type-page","status-publish","hentry"],"_links":{"self":[{"href":"https:\/\/shop.was-essen-bei-krebs.de\/index.php?rest_route=\/wp\/v2\/pages\/3","targetHints":{"allow":["GET"]}}],"collection":[{"href":"https:\/\/shop.was-essen-bei-krebs.de\/index.php?rest_route=\/wp\/v2\/pages"}],"about":[{"href":"https:\/\/shop.was-essen-bei-krebs.de\/index.php?rest_route=\/wp\/v2\/types\/page"}],"author":[{"embeddable":true,"href":"https:\/\/shop.was-essen-bei-krebs.de\/index.php?rest_route=\/wp\/v2\/users\/1"}],"replies":[{"embeddable":true,"href":"https:\/\/shop.was-essen-bei-krebs.de\/index.php?rest_route=%2Fwp%2Fv2%2Fcomments&post=3"}],"version-history":[{"count":1,"href":"https:\/\/shop.was-essen-bei-krebs.de\/index.php?rest_route=\/wp\/v2\/pages\/3\/revisions"}],"predecessor-version":[{"id":108,"href":"https:\/\/shop.was-essen-bei-krebs.de\/index.php?rest_route=\/wp\/v2\/pages\/3\/revisions\/108"}],"wp:attachment":[{"href":"https:\/\/shop.was-essen-bei-krebs.de\/index.php?rest_route=%2Fwp%2Fv2%2Fmedia&parent=3"}],"curies":[{"name":"wp","href":"https:\/\/api.w.org\/{rel}","templated":true}]}}